{"id":221,"date":"2021-10-21T16:14:54","date_gmt":"2021-10-21T19:14:54","guid":{"rendered":"https:\/\/ceepu.com.br\/portal\/?page_id=221"},"modified":"2022-02-03T22:04:42","modified_gmt":"2022-02-04T01:04:42","slug":"reflexoes-psicanaliticas","status":"publish","type":"page","link":"https:\/\/ceepu.com.br\/portal\/reflexoes-psicanaliticas\/","title":{"rendered":"Reflex\u00f5es Psicanal\u00edticas"},"content":{"rendered":"\t\t<div data-elementor-type=\"wp-page\" data-elementor-id=\"221\" class=\"elementor elementor-221\" data-elementor-post-type=\"page\">\n\t\t\t\t\t\t<section class=\"elementor-section elementor-top-section elementor-element elementor-element-cb28853 elementor-section-boxed elementor-section-height-default elementor-section-height-default\" data-id=\"cb28853\" data-element_type=\"section\">\n\t\t\t\t\t\t<div class=\"elementor-container elementor-column-gap-default\">\n\t\t\t\t\t<div class=\"elementor-column elementor-col-100 elementor-top-column elementor-element elementor-element-dff1e0e\" data-id=\"dff1e0e\" data-element_type=\"column\">\n\t\t\t<div class=\"elementor-widget-wrap elementor-element-populated\">\n\t\t\t\t\t\t<div class=\"elementor-element elementor-element-4e39744 premium-blog-align-left elementor-widget elementor-widget-premium-addon-blog\" data-id=\"4e39744\" data-element_type=\"widget\" data-settings=\"{&quot;force_height&quot;:&quot;true&quot;,&quot;premium_blog_grid&quot;:&quot;yes&quot;,&quot;premium_blog_layout&quot;:&quot;even&quot;,&quot;premium_blog_columns_number&quot;:&quot;50%&quot;,&quot;premium_blog_columns_number_tablet&quot;:&quot;50%&quot;,&quot;premium_blog_columns_number_mobile&quot;:&quot;100%&quot;,&quot;scroll_to_offset&quot;:&quot;yes&quot;}\" data-widget_type=\"premium-addon-blog.default\">\n\t\t\t\t<div class=\"elementor-widget-container\">\n\t\t\t\t\t\r\n\t\t\t\t<div class=\"premium-blog-wrap  premium-blog-even\" data-page=\"221\" data-pagination=\"true\">\r\n\t\t\t\t\t<div class=\"premium-blog-post-outer-container\" data-total=\"2\">\r\n\t\t\t<div class=\"premium-blog-post-container premium-blog-skin-classic\">\r\n\t\t\t\t\t\t\t\t\t\t\t\t<div class=\"premium-blog-content-wrapper empty-thumb\">\r\n\r\n\t\t\t\t\t<div class=\"premium-blog-inner-container\">\r\n\r\n\t\t\t\t\t\t\t\t\t\t\t\t\t\t<h2 class=\"premium-blog-entry-title\">\r\n\t\t\t<a href=\"https:\/\/ceepu.com.br\/portal\/transpiracao-em-psicanalise-o-inconsciente\/\" target=\"_self\">\r\n\t\t\t\tTranspira\u00e7\u00e3o em Psican\u00e1lise: o Inconsciente\t\t\t<\/a>\r\n\t\t<\/h2>\r\n\t\t\t\t<div class=\"premium-blog-entry-meta\">\r\n\t\t\t\r\n\t\t\t\r\n\t\t\t\r\n\t\t\t\t\t<\/div>\r\n\t\t\r\n\t\t\t\t\t<\/div>\r\n\r\n\t\t\t\t\t\t\t<div class=\"premium-blog-content-inner-wrapper\">\r\n\t\t<p class=\"premium-blog-post-content\">\u00c9 fascinante considerar a for\u00e7a do inconsciente, seu determinismo e sua influ\u00eancia em nossas vidas. Mais fascinante ainda \u00e9 observar, investigar, inferir, \u2026<\/p>\t\t<\/div>\r\n\t\t\t\t\t\t\t\r\n\t\t\t\t<\/div>\r\n\t\t\t<\/div>\r\n\t\t<\/div>\r\n\r\n\t\t\t\t<div class=\"premium-blog-post-outer-container\" data-total=\"2\">\r\n\t\t\t<div class=\"premium-blog-post-container premium-blog-skin-classic\">\r\n\t\t\t\t\t\t\t\t\t\t\t\t<div class=\"premium-blog-content-wrapper empty-thumb\">\r\n\r\n\t\t\t\t\t<div class=\"premium-blog-inner-container\">\r\n\r\n\t\t\t\t\t\t\t\t\t\t\t\t\t\t<h2 class=\"premium-blog-entry-title\">\r\n\t\t\t<a href=\"https:\/\/ceepu.com.br\/portal\/ah-esta-arte-da-psicanalise\/\" target=\"_self\">\r\n\t\t\t\tAh, esta arte da Psican\u00e1lise &#8211; Luciana Tomaz, psic\u00f3loga, membro do CEEPU\t\t\t<\/a>\r\n\t\t<\/h2>\r\n\t\t\t\t<div class=\"premium-blog-entry-meta\">\r\n\t\t\t\r\n\t\t\t\r\n\t\t\t\r\n\t\t\t\t\t<\/div>\r\n\t\t\r\n\t\t\t\t\t<\/div>\r\n\r\n\t\t\t\t\t\t\t<div class=\"premium-blog-content-inner-wrapper\">\r\n\t\t<p class=\"premium-blog-post-content\">Ah, esta arte da Psican\u00e1lise! Existe um axioma na medicina que diz: &#8220;O m\u00e9dico que s\u00f3 sabe de medicina, nem de medicina \u2026<\/p>\t\t<\/div>\r\n\t\t\t\t\t\t\t\r\n\t\t\t\t<\/div>\r\n\t\t\t<\/div>\r\n\t\t<\/div>\r\n\r\n\t\t\t\t<div class=\"premium-blog-post-outer-container\" data-total=\"2\">\r\n\t\t\t<div class=\"premium-blog-post-container premium-blog-skin-classic\">\r\n\t\t\t\t\t\t\t\t\t\t\t\t<div class=\"premium-blog-content-wrapper empty-thumb\">\r\n\r\n\t\t\t\t\t<div class=\"premium-blog-inner-container\">\r\n\r\n\t\t\t\t\t\t\t\t\t\t\t\t\t\t<h2 class=\"premium-blog-entry-title\">\r\n\t\t\t<a href=\"https:\/\/ceepu.com.br\/portal\/jardinagem-arte-de-cultivar-os-jardins-2\/\" target=\"_self\">\r\n\t\t\t\tJardinagem: Arte de Cultivar os Jardins\t\t\t<\/a>\r\n\t\t<\/h2>\r\n\t\t\t\t<div class=\"premium-blog-entry-meta\">\r\n\t\t\t\r\n\t\t\t\r\n\t\t\t\r\n\t\t\t\t\t<\/div>\r\n\t\t\r\n\t\t\t\t\t<\/div>\r\n\r\n\t\t\t\t\t\t\t<div class=\"premium-blog-content-inner-wrapper\">\r\n\t\t<p class=\"premium-blog-post-content\">Hoje, plantando sementes da flor Amor Perfeito percebi o quanto a jardinagem \u00e9 parecida com o amor. Na quarentena, aproximei-me ainda mais \u2026<\/p>\t\t<\/div>\r\n\t\t\t\t\t\t\t\r\n\t\t\t\t<\/div>\r\n\t\t\t<\/div>\r\n\t\t<\/div>\r\n\r\n\t\t\t\t<div class=\"premium-blog-post-outer-container\" data-total=\"2\">\r\n\t\t\t<div class=\"premium-blog-post-container premium-blog-skin-classic\">\r\n\t\t\t\t\t\t\t\t\t\t\t\t<div class=\"premium-blog-content-wrapper empty-thumb\">\r\n\r\n\t\t\t\t\t<div class=\"premium-blog-inner-container\">\r\n\r\n\t\t\t\t\t\t\t\t\t\t\t\t\t\t<h2 class=\"premium-blog-entry-title\">\r\n\t\t\t<a href=\"https:\/\/ceepu.com.br\/portal\/homenagem-ao-centenario-de-um-dos-pilares-da-formacao-analitica-supervisao\/\" target=\"_self\">\r\n\t\t\t\tHomenagem ao Centen\u00e1rio de um dos Pilares da Forma\u00e7\u00e3o Anal\u00edtica \u2013  Supervis\u00e3o\t\t\t<\/a>\r\n\t\t<\/h2>\r\n\t\t\t\t<div class=\"premium-blog-entry-meta\">\r\n\t\t\t\r\n\t\t\t\r\n\t\t\t\r\n\t\t\t\t\t<\/div>\r\n\t\t\r\n\t\t\t\t\t<\/div>\r\n\r\n\t\t\t\t\t\t\t<div class=\"premium-blog-content-inner-wrapper\">\r\n\t\t<p class=\"premium-blog-post-content\">\u00a0por Maruzza Cerchi. No decorrer de um grupo de estudos do qual fa\u00e7o parte, surgiu entre os participantes a seguinte quest\u00e3o: seria \u2026<\/p>\t\t<\/div>\r\n\t\t\t\t\t\t\t\r\n\t\t\t\t<\/div>\r\n\t\t\t<\/div>\r\n\t\t<\/div>\r\n\r\n\t\t\t\t<div class=\"premium-blog-post-outer-container\" data-total=\"2\">\r\n\t\t\t<div class=\"premium-blog-post-container premium-blog-skin-classic\">\r\n\t\t\t\t\t\t\t\t\t\t\t\t<div class=\"premium-blog-content-wrapper empty-thumb\">\r\n\r\n\t\t\t\t\t<div class=\"premium-blog-inner-container\">\r\n\r\n\t\t\t\t\t\t\t\t\t\t\t\t\t\t<h2 class=\"premium-blog-entry-title\">\r\n\t\t\t<a href=\"https:\/\/ceepu.com.br\/portal\/em-tempos-de-isolamento-a-possibilidade-do-encontro\/\" target=\"_self\">\r\n\t\t\t\tEm tempos de isolamento, a possibilidade do encontro&#8230;\t\t\t<\/a>\r\n\t\t<\/h2>\r\n\t\t\t\t<div class=\"premium-blog-entry-meta\">\r\n\t\t\t\r\n\t\t\t\r\n\t\t\t\r\n\t\t\t\t\t<\/div>\r\n\t\t\r\n\t\t\t\t\t<\/div>\r\n\r\n\t\t\t\t\t\t\t<div class=\"premium-blog-content-inner-wrapper\">\r\n\t\t<p class=\"premium-blog-post-content\">Aconteceu nessa \u00faltima quinta-feira, dia 30\/07, o &#8220;I Encontro com Freud&#8221; &#8211; Coordenadores e participantes dos m\u00f3dulos fundamentais de Freud, numa rica \u2026<\/p>\t\t<\/div>\r\n\t\t\t\t\t\t\t\r\n\t\t\t\t<\/div>\r\n\t\t\t<\/div>\r\n\t\t<\/div>\r\n\r\n\t\t\t\t<div class=\"premium-blog-post-outer-container\" data-total=\"2\">\r\n\t\t\t<div class=\"premium-blog-post-container premium-blog-skin-classic\">\r\n\t\t\t\t\t\t\t\t\t\t\t\t<div class=\"premium-blog-content-wrapper empty-thumb\">\r\n\r\n\t\t\t\t\t<div class=\"premium-blog-inner-container\">\r\n\r\n\t\t\t\t\t\t\t\t\t\t\t\t\t\t<h2 class=\"premium-blog-entry-title\">\r\n\t\t\t<a href=\"https:\/\/ceepu.com.br\/portal\/nota-preliminar\/\" target=\"_self\">\r\n\t\t\t\tNota Preliminar\t\t\t<\/a>\r\n\t\t<\/h2>\r\n\t\t\t\t<div class=\"premium-blog-entry-meta\">\r\n\t\t\t\r\n\t\t\t\r\n\t\t\t\r\n\t\t\t\t\t<\/div>\r\n\t\t\r\n\t\t\t\t\t<\/div>\r\n\r\n\t\t\t\t\t\t\t<div class=\"premium-blog-content-inner-wrapper\">\r\n\t\t<p class=\"premium-blog-post-content\">O entendimento dos s\u00edmbolos e dos rituais (simb\u00f3licos) exige do int\u00e9rprete que possua cinco qualidades ou condi\u00e7\u00f5es, sem as quais os s\u00edmbolos \u2026<\/p>\t\t<\/div>\r\n\t\t\t\t\t\t\t\r\n\t\t\t\t<\/div>\r\n\t\t\t<\/div>\r\n\t\t<\/div>\r\n\r\n\t\t\t\t<div class=\"premium-blog-post-outer-container\" data-total=\"2\">\r\n\t\t\t<div class=\"premium-blog-post-container premium-blog-skin-classic\">\r\n\t\t\t\t\t\t\t\t\t\t\t\t<div class=\"premium-blog-content-wrapper empty-thumb\">\r\n\r\n\t\t\t\t\t<div class=\"premium-blog-inner-container\">\r\n\r\n\t\t\t\t\t\t\t\t\t\t\t\t\t\t<h2 class=\"premium-blog-entry-title\">\r\n\t\t\t<a href=\"https:\/\/ceepu.com.br\/portal\/poema-de-quarentena\/\" target=\"_self\">\r\n\t\t\t\tPoema de Quarentena\t\t\t<\/a>\r\n\t\t<\/h2>\r\n\t\t\t\t<div class=\"premium-blog-entry-meta\">\r\n\t\t\t\r\n\t\t\t\r\n\t\t\t\r\n\t\t\t\t\t<\/div>\r\n\t\t\r\n\t\t\t\t\t<\/div>\r\n\r\n\t\t\t\t\t\t\t<div class=\"premium-blog-content-inner-wrapper\">\r\n\t\t<p class=\"premium-blog-post-content\">por Elisa Aires. Vejo um beb\u00ea sendo amamentado. Vejo uma m\u00e3e consolando o choro. Vejo um pai embalando o ber\u00e7o. Vejo um \u2026<\/p>\t\t<\/div>\r\n\t\t\t\t\t\t\t\r\n\t\t\t\t<\/div>\r\n\t\t\t<\/div>\r\n\t\t<\/div>\r\n\r\n\t\t\t\t<div class=\"premium-blog-post-outer-container\" data-total=\"2\">\r\n\t\t\t<div class=\"premium-blog-post-container premium-blog-skin-classic\">\r\n\t\t\t\t\t\t\t\t\t\t\t\t<div class=\"premium-blog-content-wrapper empty-thumb\">\r\n\r\n\t\t\t\t\t<div class=\"premium-blog-inner-container\">\r\n\r\n\t\t\t\t\t\t\t\t\t\t\t\t\t\t<h2 class=\"premium-blog-entry-title\">\r\n\t\t\t<a href=\"https:\/\/ceepu.com.br\/portal\/que-lugar-e-esse-que-tempo-tenho-breve-relato-de-uma-mae-em-quarentena-por-karine-botelho-psicologa-clinica-membro-efetivo-do-ceepu-e-da-atual-diretoria-inova-acao\/\" target=\"_self\">\r\n\t\t\t\t&#8220;Que lugar \u00e9 esse? Que tempo tenho? Breve relato de uma m\u00e3e em quarentena&#8221; por Karine Botelho, Psic\u00f3loga cl\u00ednica, membro efetivo do CEEPU e da atual diretoria Inova-A\u00e7\u00e3o.\t\t\t<\/a>\r\n\t\t<\/h2>\r\n\t\t\t\t<div class=\"premium-blog-entry-meta\">\r\n\t\t\t\r\n\t\t\t\r\n\t\t\t\r\n\t\t\t\t\t<\/div>\r\n\t\t\r\n\t\t\t\t\t<\/div>\r\n\r\n\t\t\t\t\t\t\t<div class=\"premium-blog-content-inner-wrapper\">\r\n\t\t<p class=\"premium-blog-post-content\">Essas s\u00e3o as indaga\u00e7\u00f5es que, frequentemente, permeiam minha mente nos \u00faltimos tr\u00eas meses. Reconhecer o que est\u00e1 se passando n\u00e3o \u00e9 uma \u2026<\/p>\t\t<\/div>\r\n\t\t\t\t\t\t\t\r\n\t\t\t\t<\/div>\r\n\t\t\t<\/div>\r\n\t\t<\/div>\r\n\r\n\t\t\t\t<\/div>\r\n\r\n\t\t\t\t<div class=\"premium-blog-footer\">\r\n\t\t\t\t\t\t<nav class=\"premium-blog-pagination-container\" role=\"navigation\" aria-label=\"Pagina\u00e7\u00e3o\">\r\n\t\t\t\t<span aria-current=\"page\" class=\"page-numbers current\">1<\/span>\n<a class=\"page-numbers\" href=\"https:\/\/ceepu.com.br\/portal\/wp-json\/wp\/v2\/pages\/221\/page\/2\/\">2<\/a>\n<a class=\"next page-numbers\" href=\"https:\/\/ceepu.com.br\/portal\/wp-json\/wp\/v2\/pages\/221\/page\/2\/\">Pr\u00f3ximo \u00bb<\/a>\t\t\t<\/nav>\r\n\t\t\t\t\t<\/div>\r\n\t\t\t\t\t\t\t<\/div>\n\t\t\t\t<\/div>\n\t\t\t\t\t<\/div>\n\t\t<\/div>\n\t\t\t\t\t<\/div>\n\t\t<\/section>\n\t\t\t\t<\/div>\n\t\t","protected":false},"excerpt":{"rendered":"<p>O psicanalista que s\u00f3 de psican\u00e1lise sabe, nem de psican\u00e1lise sabe Luciana Tom\u00e1s, psic\u00f3loga, membro do CEEPU. Jardinagem: Arte de Cultivar os Jardins Hoje, plantando sementes da flor Amor Perfeito percebi o quanto a jardinagem \u00e9 parecida com o amor. Na quarentena, aproximei-me ainda mais \u2026 Homenagem ao Centen\u00e1rio de um dos Pilares da Forma\u00e7\u00e3o &#8230; <a title=\"&#8220;Que lugar \u00e9 esse? Que tempo tenho? Breve relato de uma m\u00e3e em quarentena&#8221; por Karine Botelho, Psic\u00f3loga cl\u00ednica, membro efetivo do CEEPU e da atual diretoria Inova-A\u00e7\u00e3o.\" class=\"read-more\" href=\"https:\/\/ceepu.com.br\/portal\/que-lugar-e-esse-que-tempo-tenho-breve-relato-de-uma-mae-em-quarentena-por-karine-botelho-psicologa-clinica-membro-efetivo-do-ceepu-e-da-atual-diretoria-inova-acao\/\" aria-label=\"More on &#8220;Que lugar \u00e9 esse? Que tempo tenho? Breve relato de uma m\u00e3e em quarentena&#8221; por Karine Botelho, Psic\u00f3loga cl\u00ednica, membro efetivo do CEEPU e da atual diretoria Inova-A\u00e7\u00e3o.\">Ler mais<\/a><\/p>\n","protected":false},"author":1,"featured_media":0,"parent":0,"menu_order":0,"comment_status":"closed","ping_status":"closed","template":"","meta":{"footnotes":""},"class_list":["post-221","page","type-page","status-publish","hentry"],"_links":{"self":[{"href":"https:\/\/ceepu.com.br\/portal\/wp-json\/wp\/v2\/pages\/221","targetHints":{"allow":["GET"]}}],"collection":[{"href":"https:\/\/ceepu.com.br\/portal\/wp-json\/wp\/v2\/pages"}],"about":[{"href":"https:\/\/ceepu.com.br\/portal\/wp-json\/wp\/v2\/types\/page"}],"author":[{"embeddable":true,"href":"https:\/\/ceepu.com.br\/portal\/wp-json\/wp\/v2\/users\/1"}],"replies":[{"embeddable":true,"href":"https:\/\/ceepu.com.br\/portal\/wp-json\/wp\/v2\/comments?post=221"}],"version-history":[{"count":32,"href":"https:\/\/ceepu.com.br\/portal\/wp-json\/wp\/v2\/pages\/221\/revisions"}],"predecessor-version":[{"id":1666,"href":"https:\/\/ceepu.com.br\/portal\/wp-json\/wp\/v2\/pages\/221\/revisions\/1666"}],"wp:attachment":[{"href":"https:\/\/ceepu.com.br\/portal\/wp-json\/wp\/v2\/media?parent=221"}],"curies":[{"name":"wp","href":"https:\/\/api.w.org\/{rel}","templated":true}]}}